{"id":8320,"date":"2024-11-21T20:52:42","date_gmt":"2024-11-21T18:52:42","guid":{"rendered":"https:\/\/www.ardevolana.net\/politica-de-privacitat\/"},"modified":"2025-03-24T12:05:14","modified_gmt":"2025-03-24T10:05:14","slug":"politique-de-confidentialite","status":"publish","type":"page","link":"https:\/\/www.ardevolana.net\/fr\/politique-de-confidentialite\/","title":{"rendered":"Pol\u00edtique de confidentialit\u00e9"},"content":{"rendered":"\n<p class=\"\">COMERCIAL ARDEVOLANA S.L., informe les utilisateurs du site Web de sa politique concernant le traitement et la protection des donn\u00e9es personnelles des utilisateurs et des clients.<\/p>\n\n\n\n<p class=\"\">Et garantit \u00e0 tout moment le respect complet et int\u00e9gral des obligations pr\u00e9vues par la r\u00e9glementation sur la protection des donn\u00e9es et les services de la soci\u00e9t\u00e9 de l&rsquo;information : R\u00e8glement (UE) 2016\/679 du Parlement europ\u00e9en et du Conseil, du 27 avril 2016, relatif \u00e0 la protection des personnes physiques \u00e0 l&rsquo;\u00e9gard du traitement des donn\u00e9es \u00e0 caract\u00e8re personnel et \u00e0 la libre circulation de ces donn\u00e9es (RGPD), les r\u00e8glements Loi organique 3\/2018, du 5 d\u00e9cembre, sur la protection des donn\u00e9es personnelles et la garantie des droits num\u00e9riques (LOPDGDD) et Loi 34\/2002, du 11 juillet, sur les services de la soci\u00e9t\u00e9 de l&rsquo;information et le commerce \u00e9lectronique (LSSIce).<\/p>\n\n\n\n<p class=\"\"><strong>RESPONSABLE DU TRAITEMENT<br><\/strong>COMERCIAL ARDEVOLANA, S.L.<br>C.I.F.: B25291964<br>Adresse: Pol. Ind. Camp dels Pals s\/n \u2013 08680 GIRONELLA (BARCELONA).<br>Donn\u00e9es d&rsquo;inscription: Registre du commerce de Lleida, tome 145, folio 206, feuille n\u00b0 L-2-709, 1\u00e8re entr\u00e9e.<br>T\u00e9l\u00e9phone: +34 687503731<br>E-mail: toni@comercialardevolana.net<\/p>\n\n\n\n<p class=\"\"><strong>INALIT\u00c9S DU TRAITEMENT DES DONN\u00c9ES<\/strong><\/p>\n\n\n\n<p class=\"\">Les donn\u00e9es fournies par l&rsquo;Utilisateur sont utilis\u00e9es \u00e0 diverses fins \u00e9num\u00e9r\u00e9es ci-dessous:<\/p>\n\n\n\n<figure class=\"wp-block-table\"><table class=\"has-fixed-layout\"><tbody><tr><td><strong>Finalit\u00e9 du traitement&nbsp;<\/strong><\/td><td><strong>Base juridique du traitement<\/strong><\/td><\/tr><tr><td>G\u00e9rer les requ\u00eates ou tout type de demande effectu\u00e9e via les formulaires de contact mis \u00e0 disposition sur le site.<\/td><td>Int\u00e9r\u00eat l\u00e9gitime de la Soci\u00e9t\u00e9 \u00e0 r\u00e9pondre aux demandes d&rsquo;informations via le site web. Consentement express\u00e9ment fourni lors de la collecte des donn\u00e9es via les formulaires web.<\/td><\/tr><tr><td>Enviament de&nbsp;newsletters, comunicacions comercials i promocions.<\/td><td>Envoi de newsletters, communications commerciales et promotions.<\/td><\/tr><tr><td>G\u00e9rer les incidents et la maintenance du site Web.<\/td><td>Int\u00e9r\u00eat l\u00e9gitime de la Soci\u00e9t\u00e9.<\/td><\/tr><\/tbody><\/table><\/figure>\n\n\n\n<p class=\"\"><strong>P\u00c9RIODE DE CONSERVATION DES DONN\u00c9ES<\/strong><\/p>\n\n\n\n<figure class=\"wp-block-table\"><table class=\"has-fixed-layout\"><tbody><tr><td><strong>Finalit\u00e9 du traitement<\/strong><\/td><td><strong>Dur\u00e9e de conservation<\/strong><\/td><\/tr><tr><td>G\u00e9rer les requ\u00eates ou tout type de demande effectu\u00e9e via les formulaires de contact mis \u00e0 disposition sur le site.<\/td><td>Nous traiterons vos donn\u00e9es aussi longtemps que n\u00e9cessaire pour r\u00e9pondre \u00e0 votre demande ou requ\u00eate.<\/td><\/tr><tr><td>Envoi de newsletters, communications commerciales et promotions.<\/td><td>Nous traiterons vos donn\u00e9es jusqu&rsquo;\u00e0 ce que vous vous d\u00e9sinscriviez.<\/td><\/tr><tr><td>G\u00e9rer les incidents et la maintenance du site Web.<\/td><td>Nous traiterons vos donn\u00e9es pendant la dur\u00e9e n\u00e9cessaire au respect des d\u00e9lais de prescription l\u00e9gaux qui vous sont applicables.<\/td><\/tr><\/tbody><\/table><\/figure>\n\n\n\n<p class=\"\"><strong>DESTINATAIRES DES DONN\u00c9ES<\/strong><\/p>\n\n\n\n<p class=\"\">Pour atteindre les objectifs indiqu\u00e9s dans la pr\u00e9sente Politique de Confidentialit\u00e9, il est n\u00e9cessaire que nous donnions acc\u00e8s \u00e0 vos donn\u00e9es personnelles \u00e0 des tiers qui nous soutiennent dans les services que nous vous proposons (Sous-traitants). <\/p>\n\n\n\n<p class=\"\">Les sous-traitants, pour l\u2019ex\u00e9cution d\u2019un contrat ou la fourniture d\u2019un service au Responsable du traitement, doivent suivre ses instructions et assurer les m\u00eames niveaux de s\u00e9curit\u00e9.<\/p>\n\n\n\n<p class=\"\"><strong>DROITS DES UTILISATEURS<\/strong><\/p>\n\n\n\n<p class=\"\">L&rsquo;utilisateur a le droit de:<\/p>\n\n\n\n<p class=\"\">Droit \u00e0 la portabilit\u00e9 des donn\u00e9es. La personne concern\u00e9e a le droit de recevoir les donn\u00e9es personnelles si elles ont \u00e9t\u00e9 fournies dans un format structur\u00e9, couramment utilis\u00e9 et lisible par machine, et de les transmettre \u00e0 un autre responsable du traitement, si les exigences suivantes sont remplies:<\/p>\n\n\n\n<p class=\"\">Demandez l&rsquo;acc\u00e8s \u00e0 vos donn\u00e9es personnelles en cours de traitement et recevez ces informations par \u00e9crit par les moyens demand\u00e9s.<\/p>\n\n\n\n<p class=\"\">Demander la rectification des donn\u00e9es personnelles inexactes ou, le cas \u00e9ch\u00e9ant, demander leur suppression lorsque, entre autres raisons, les donn\u00e9es ne sont plus n\u00e9cessaires aux fins pour lesquelles elles ont \u00e9t\u00e9 collect\u00e9es.<\/p>\n\n\n\n<p class=\"\">Demander la limitation du traitement de vos donn\u00e9es.<\/p>\n\n\n\n<p class=\"\">Vous opposer au traitement de vos donn\u00e9es personnelles lorsque cela est appropri\u00e9, auquel cas vos donn\u00e9es ne seront plus trait\u00e9es sauf pour des motifs l\u00e9gitimes.<\/p>\n\n\n\n<ol class=\"wp-block-list\">\n<li class=\"\">Le traitement est bas\u00e9 sur le consentement ou sur un contrat.<\/li>\n\n\n\n<li class=\"\">Le traitement est effectu\u00e9 par des moyens automatis\u00e9s.<\/li>\n<\/ol>\n\n\n\n<ul class=\"wp-block-list\">\n<li class=\"\">Droit de retirer le consentement donn\u00e9.<\/li>\n\n\n\n<li class=\"\">Droit de d\u00e9poser une plainte aupr\u00e8s de l&rsquo;Agence espagnole de protection des donn\u00e9es.<br><\/li>\n<\/ul>\n\n\n\n<p class=\"\">L&rsquo;Utilisateur peut exercer les droits pr\u00e9c\u00e9demment indiqu\u00e9s \u00e0 l&rsquo;adresse postale ou \u00e9lectronique du Responsable, en justifiant son identit\u00e9 avec une copie scann\u00e9e de sa carte d&rsquo;identit\u00e9 ou document \u00e9quivalent, et en pr\u00e9cisant le droit qu&rsquo;il souhaite exercer.<\/p>\n\n\n\n<p class=\"\"><strong>OURCE DES DONN\u00c9ES<\/strong><\/p>\n\n\n\n<p class=\"\">Les donn\u00e9es personnelles doivent \u00eatre fournies par la personne int\u00e9ress\u00e9e sur une base absolument volontaire. L&rsquo;absence de certaines donn\u00e9es ou le d\u00e9faut de r\u00e9ponse aux questions qui peuvent \u00eatre pos\u00e9es \u00e0 l&rsquo;int\u00e9ress\u00e9 dans les processus d&rsquo;inscription ou via des formulaires \u00e9lectroniques, peut entra\u00eener l&rsquo;impossibilit\u00e9 d&rsquo;acc\u00e9der \u00e0 certains services pour la fourniture desquels il est indispensable de disposer de ces donn\u00e9es personnelles. Dans ce cas, le Responsable du traitement doit informer sur le caract\u00e8re obligatoire ou n\u00e9cessaire de la fourniture des donn\u00e9es personnelles pour le fonctionnement du service.<\/p>\n\n\n\n<p class=\"\">Le Responsable assure la confidentialit\u00e9 de vos donn\u00e9es personnelles et garantit leur s\u00e9curit\u00e9, en adoptant les mesures n\u00e9cessaires pour emp\u00eacher leur alt\u00e9ration, leur perte, leur traitement ou leur acc\u00e8s non autoris\u00e9.<\/p>\n\n\n\n<p class=\"\"><strong>INFORMATIONS FOURNIES PAR LA PARTIE INT\u00c9RESS\u00c9E<\/strong><\/p>\n\n\n\n<p class=\"\">Les mineurs de moins de 18 ans ne peuvent pas fournir leurs donn\u00e9es personnelles sans le consentement pr\u00e9alable de leur p\u00e8re\/m\u00e8re et\/ou de leurs tuteurs l\u00e9gaux.<\/p>\n\n\n\n<p class=\"\">L&rsquo;int\u00e9ress\u00e9, en saisissant ses donn\u00e9es dans les formulaires de contact ou pr\u00e9sent\u00e9s dans les formulaires de t\u00e9l\u00e9chargement, accepte express\u00e9ment et librement et sans \u00e9quivoque que ses donn\u00e9es sont n\u00e9cessaires au Responsable pour r\u00e9pondre \u00e0 sa demande, et l&rsquo;inclusion de donn\u00e9es dans les champs restants est volontaire.<\/p>\n\n\n\n<p class=\"\">L&rsquo;int\u00e9ress\u00e9 garantit que les donn\u00e9es personnelles fournies au prestataire sont v\u00e9ridiques et est responsable de communiquer toute modification de celles-ci.<\/p>\n\n\n\n<p class=\"\">Toutes les donn\u00e9es demand\u00e9es via le site Web sont n\u00e9cessaires pour fournir un service optimal \u00e0 la partie int\u00e9ress\u00e9e. Si toutes les donn\u00e9es ne sont pas fournies, il n&rsquo;est pas garanti que les informations et les services que le responsable vous fournit soient enti\u00e8rement adapt\u00e9s \u00e0 vos besoins.<\/p>\n\n\n\n<p class=\"\"><strong>MESURES DE S\u00c9CURIT\u00c9<\/strong><\/p>\n\n\n\n<p class=\"\">Que conform\u00e9ment aux dispositions de la r\u00e9glementation en vigueur en mati\u00e8re de protection des donn\u00e9es personnelles, le Responsable se conforme \u00e0 toutes les dispositions des r\u00e9glementations RGPD et LOPDGDD pour le traitement des donn\u00e9es personnelles sous sa responsabilit\u00e9, et manifestement aux principes d\u00e9crits \u00e0 l&rsquo;article 5 du RGPD et \u00e0 l&rsquo;article 4 de la LOPDGDD, par lesquels elles sont trait\u00e9es de mani\u00e8re licite, loyale et transparente par rapport \u00e0 l&rsquo;int\u00e9ress\u00e9 et sont ad\u00e9quates, pertinentes et limit\u00e9es \u00e0 ce qui est n\u00e9cessaire au regard des finalit\u00e9s pour lesquelles elles sont trait\u00e9es.<\/p>\n\n\n\n<p class=\"\">Le responsable garantit qu&rsquo;il a mis en \u0153uvre des politiques techniques et organisationnelles appropri\u00e9es pour appliquer les mesures de s\u00e9curit\u00e9 \u00e9tablies par le RGPD et la LOPDGDD afin de prot\u00e9ger les droits et libert\u00e9s de l&rsquo;int\u00e9ress\u00e9\/de la partie int\u00e9ress\u00e9e et lui a communiqu\u00e9 les informations appropri\u00e9es afin qu&rsquo;il puisse les exercer.<\/p>\n\n\n\n<p class=\"\"><strong>FAILLES DE S\u00c9CURIT\u00c9<\/strong><\/p>\n\n\n\n<p class=\"\">Le Responsable signalera toute violation de s\u00e9curit\u00e9 affectant la base de donn\u00e9es utilis\u00e9e par ce site Web, ou affectant l&rsquo;un de nos services tiers, \u00e0 chaque personne dont les donn\u00e9es peuvent avoir \u00e9t\u00e9 affect\u00e9es, ainsi qu&rsquo;aux autorit\u00e9s, dans les 72 heures suivant la d\u00e9tection de la violation.<\/p>\n\n\n\n<p class=\"\"><strong>L\u00c9GISLATION ET JURIDICTION APPLICABLES<\/strong><\/p>\n\n\n\n<p class=\"\">Elle se r\u00e9serve le droit d&rsquo;engager toute action civile ou p\u00e9nale qu&rsquo;elle juge n\u00e9cessaire pour l&rsquo;utilisation abusive du Site Web et du Contenu.<\/p>\n\n\n\n<p class=\"\">La relation entre l&rsquo;Utilisateur et le Responsable sera r\u00e9gie par la r\u00e9glementation en vigueur et applicable sur le territoire espagnol. En cas de litige survenant en relation avec l&rsquo;interpr\u00e9tation et\/ou l&rsquo;application, les parties soumettront leurs conflits \u00e0 la juridiction ordinaire, en se soumettant aux juges et tribunaux qui leur correspondent conform\u00e9ment \u00e0 la loi.<\/p>\n","protected":false},"excerpt":{"rendered":"<p>COMERCIAL ARDEVOLANA S.L., informe les utilisateurs du site Web de sa politique concernant le traitement et la protection des donn\u00e9es personnelles des utilisateurs et des clients. Et garantit \u00e0 tout moment le<span class=\"more-dots\">&#8230;<\/span> <span class=\"more-tag\"><a class=\"more-link\" href=\"https:\/\/www.ardevolana.net\/fr\/politique-de-confidentialite\/\">Know More<span class=\"screen-reader-text\"> \"Pol\u00edtique de confidentialit\u00e9\"<\/span><\/a><\/span><!-- .more-tag --><\/p>\n","protected":false},"author":1,"featured_media":0,"parent":0,"menu_order":6,"comment_status":"closed","ping_status":"closed","template":"","meta":{"footnotes":""},"class_list":["post-8320","page","type-page","status-publish","hentry"],"aioseo_notices":[],"_links":{"self":[{"href":"https:\/\/www.ardevolana.net\/fr\/wp-json\/wp\/v2\/pages\/8320","targetHints":{"allow":["GET"]}}],"collection":[{"href":"https:\/\/www.ardevolana.net\/fr\/wp-json\/wp\/v2\/pages"}],"about":[{"href":"https:\/\/www.ardevolana.net\/fr\/wp-json\/wp\/v2\/types\/page"}],"author":[{"embeddable":true,"href":"https:\/\/www.ardevolana.net\/fr\/wp-json\/wp\/v2\/users\/1"}],"replies":[{"embeddable":true,"href":"https:\/\/www.ardevolana.net\/fr\/wp-json\/wp\/v2\/comments?post=8320"}],"version-history":[{"count":6,"href":"https:\/\/www.ardevolana.net\/fr\/wp-json\/wp\/v2\/pages\/8320\/revisions"}],"predecessor-version":[{"id":8395,"href":"https:\/\/www.ardevolana.net\/fr\/wp-json\/wp\/v2\/pages\/8320\/revisions\/8395"}],"wp:attachment":[{"href":"https:\/\/www.ardevolana.net\/fr\/wp-json\/wp\/v2\/media?parent=8320"}],"curies":[{"name":"wp","href":"https:\/\/api.w.org\/{rel}","templated":true}]}}